{"id":15966,"date":"2021-12-12T21:07:13","date_gmt":"2021-12-12T20:07:13","guid":{"rendered":"http:\/\/anlux.localdev\/?post_type=product&#038;p=15966"},"modified":"2023-03-14T09:46:37","modified_gmt":"2023-03-14T08:46:37","slug":"zsaluzia","status":"publish","type":"product","link":"https:\/\/www.anlux.hu\/?product=zsaluzia","title":{"rendered":"Zsaluzia"},"content":{"rendered":"<p>[vc_row][vc_column width=&#8221;1\/2&#8243;][vc_column_text]<strong>Kivitelez\u00e9s<\/strong><\/p>\n<p align=\"justify\">Dombor\u00fa 80 mm-es lamell\u00e1i peremezett kivitel\u0171ek, \u00e9s t\u00f6bb sz\u00ednben rendelhet\u0151k. A zsaluzia megvezet\u00e9st ig\u00e9nyel, amit vagy fesz\u00edt\u00e9ssel, vagy vezet\u0151s\u00ednnel oldhat\u00f3 meg. A gum\u00edrozott vezet\u0151s\u00ednben fut\u00f3 f\u00e9m bet\u00e9tek cs\u00f6kkentik a m\u0171k\u00f6d\u00e9skor keletkez\u0151 zajokat \u00e9s el\u0151seg\u00edtik az egyenletes lefut\u00e1st.<\/p>\n<p align=\"justify\">C\u00e9g\u00fcnk 2 fajta zsaluzia gy\u00e1rt\u00e1s\u00e1val foglalkozik, melyek C80-as \u00e9s Z90-es alak\u00fa lamell\u00e1kkal rendelkeznek. Valamint forgalmazzuk sv\u00e1jci partner\u00fcnk GRIESSER \u00e1ltal gy\u00e1rtott biztons\u00e1gi zsaluzia rendszereket, melyek elv\u00e1ghat\u00f3 l\u00e9tra helyet l\u00e1ncos m\u0171k\u00f6dtet\u00e9ssel k\u00e9sz\u00fclnek.<\/p>\n<p>[\/vc_column_text][\/vc_column][vc_column width=&#8221;1\/2&#8243;][vc_column_text]<strong>Mozgat\u00e1s<\/strong><br \/>\nA zsaluzi\u00e1k mozgat\u00e1sa hajt\u00f3karos (kurblis) megold\u00e1ssal, vagy motorosan oldhat\u00f3 meg. Amennyiben az ut\u00f3bbi mellett d\u00f6nt\u00fcnk, v\u00e1laszthatunk az egyszer\u0171 kapcsol\u00f3s v\u00e1ltozat, a t\u00e1vir\u00e1ny\u00edt\u00f3s- \u00e9s ak\u00e1r a teljesen automatiz\u00e1lt kivitel k\u00f6z\u00fcl. Ut\u00f3lagos be\u00e9p\u00edt\u00e9sn\u00e9l k\u00fcls\u0151 v\u00e9d\u0151tokba gy\u0171jti a lamell\u00e1kat, \u00faj \u00e9p\u00fcletekn\u00e9l falba s\u00fcllyesztve \u00e9p\u00edthet\u0151 be.[\/vc_column_text][\/vc_column][\/vc_row][vc_row][vc_column][wvc_list i_icon_elegant-icons=&#8221;ei-folder-open&#8221;]<\/p>\n<ul>\n<li><span style=\"font-size: 18pt;\"><a href=\"https:\/\/www.anlux.hu\/wp-content\/uploads\/2021\/12\/Zsaluzia-felmeresi-utmutato.pdf\" target=\"_blank\" rel=\"noopener\">Zsaluzia felm\u00e9r\u00e9si \u00fatmutat\u00f3<\/a><\/span><\/li>\n<li><span style=\"font-size: 18pt;\"><a href=\"https:\/\/www.anlux.hu\/wp-content\/uploads\/2021\/12\/Zsaluzia-hasznalati-utasitas.pdf\" target=\"_blank\" rel=\"noopener\">Zsaluzia haszn\u00e1lati utas\u00edt\u00e1s<\/a><\/span><\/li>\n<li><span style=\"font-size: 18pt;\"><a href=\"https:\/\/www.anlux.hu\/wp-content\/uploads\/2021\/12\/prospektus_zsaluzia_bovitett_uj.pdf\" target=\"_blank\" rel=\"noopener\">Zsaluzia prospektus<\/a><\/span><\/li>\n<\/ul>\n<p>[\/wvc_list][\/vc_column][\/vc_row]<\/p>\n","protected":false},"excerpt":{"rendered":"<p>Haz\u00e1nkban is egyre n\u00e9pszer\u0171bb k\u00fcls\u0151\u00e1rny\u00e9kol\u00e1si rendszer. M\u0171k\u00f6d\u00e9si elve a relux\u00e1\u00e9hoz hasonl\u00f3, de a k\u00fcls\u0151 hat\u00e1soknak maxim\u00e1lisan ellen\u00e1ll\u00f3, massz\u00edv, hat\u00e9kony kivitel. El\u0151nye, hogy a term\u00e9szetes f\u00e9ny be\u00e1raml\u00e1s\u00e1t szab\u00e1lyozhatjuk an\u00e9lk\u00fcl, hogy a friss leveg\u0151r\u0151l le kellene mondanunk. B\u00e1rmely t\u00edpus mellett d\u00f6nt, garant\u00e1ljuk, hogy a kiv\u00e1l\u00f3 min\u0151s\u00e9g\u0171 alkatr\u00e9szeknek, \u00e9s az id\u0151j\u00e1r\u00e1s\u00e1ll\u00f3 lamell\u00e1inknak k\u00f6sz\u00f6nhet\u0151en \u00e9vekig el\u00e9gedett lesz term\u00e9k\u00fcnkkel.[vc_row][vc_column][wvc_content_block id=\"15953\"][\/vc_column][\/vc_row]<\/p>\n","protected":false},"featured_media":14166,"template":"","meta":[],"product_brand":[],"product_cat":[148],"product_tag":[],"class_list":{"0":"post-15966","1":"product","2":"type-product","3":"status-publish","4":"has-post-thumbnail","6":"product_cat-kulsoarnyekolok","7":"entry-post-skin-light","8":"entry-product-has-gallery","9":"entry","10":"clearfix","11":"entry-grid","12":"entry-columns-4","13":"entry-product-module-layout-standard","14":"thumbnail-color-tone-dark","15":"entry-product","17":"entry-product-grid","19":"first","20":"instock","21":"shipping-taxable","22":"product-type-simple"},"_links":{"self":[{"href":"https:\/\/www.anlux.hu\/index.php?rest_route=\/wp\/v2\/product\/15966","targetHints":{"allow":["GET"]}}],"collection":[{"href":"https:\/\/www.anlux.hu\/index.php?rest_route=\/wp\/v2\/product"}],"about":[{"href":"https:\/\/www.anlux.hu\/index.php?rest_route=\/wp\/v2\/types\/product"}],"wp:featuredmedia":[{"embeddable":true,"href":"https:\/\/www.anlux.hu\/index.php?rest_route=\/wp\/v2\/media\/14166"}],"wp:attachment":[{"href":"https:\/\/www.anlux.hu\/index.php?rest_route=%2Fwp%2Fv2%2Fmedia&parent=15966"}],"wp:term":[{"taxonomy":"product_brand","embeddable":true,"href":"https:\/\/www.anlux.hu\/index.php?rest_route=%2Fwp%2Fv2%2Fproduct_brand&post=15966"},{"taxonomy":"product_cat","embeddable":true,"href":"https:\/\/www.anlux.hu\/index.php?rest_route=%2Fwp%2Fv2%2Fproduct_cat&post=15966"},{"taxonomy":"product_tag","embeddable":true,"href":"https:\/\/www.anlux.hu\/index.php?rest_route=%2Fwp%2Fv2%2Fproduct_tag&post=15966"}],"curies":[{"name":"wp","href":"https:\/\/api.w.org\/{rel}","templated":true}]}}